{"id":19884,"date":"2023-05-09T18:21:02","date_gmt":"2023-05-09T16:21:02","guid":{"rendered":"https:\/\/europacenter.w3.totalcom.website\/s\/functional-rehab\/"},"modified":"2026-04-17T11:57:32","modified_gmt":"2026-04-17T09:57:32","slug":"functional-rehab","status":"publish","type":"cpt_services","link":"https:\/\/www.europacenter.it\/de\/s\/functional-rehab\/","title":{"rendered":"Functional Rehab"},"content":{"rendered":"\t\t<div data-elementor-type=\"wp-post\" data-elementor-id=\"19884\" class=\"elementor elementor-19884 elementor-19201\">\n\t\t\t\t\t\t<section class=\"elementor-section elementor-top-section elementor-element elementor-element-29fb9c4 elementor-section-boxed elementor-section-height-default elementor-section-height-default sc_fly_static\" data-id=\"29fb9c4\" data-element_type=\"section\" data-e-type=\"section\">\n\t\t\t\t\t\t<div class=\"elementor-container elementor-column-gap-extended\">\n\t\t\t\t\t<div class=\"elementor-column elementor-col-100 elementor-top-column elementor-element elementor-element-5285c855 sc_content_align_inherit sc_layouts_column_icons_position_left sc_fly_static\" data-id=\"5285c855\" data-element_type=\"column\" data-e-type=\"column\">\n\t\t\t<div class=\"elementor-widget-wrap elementor-element-populated\">\n\t\t\t\t\t\t<div class=\"elementor-element elementor-element-5745d97a sc_fly_static elementor-widget elementor-widget-text-editor\" data-id=\"5745d97a\" data-element_type=\"widget\" data-e-type=\"widget\" data-widget_type=\"text-editor.default\">\n\t\t\t\t<div class=\"elementor-widget-container\">\n\t\t\t\t\t\t\t\t\t<figure class=\"wp-block-image\"><\/figure><p>Bei diesem Gymnastikkurs handelt es sich um die Fortsetzung des Rehabilitationsprogrammes in Folge von:\u200b\u200b Instabilit\u00e4t im Bereich der Lendenwirbels\u00e4ule, chronische Lumbalgie, Bandscheibenprotrusionen- und vorf\u00e4lle (Diskushernien) ohne neurologische Ausf\u00e4lle, Vertebralstenosen ohne neurologischen Ausf\u00e4lle, Wirbelgleiten ohne neurologische Ausf\u00e4\u200blle.<\/p><p>Die Ziele des Kurses &#8211; durch K\u00f6rpergewichts\u00fcbungen und die Verwendung kleiner Ger\u00e4te &#8211; sind:<\/p><ul class=\"wp-block-list\"><li style=\"list-style-type: none;\"><ul class=\"wp-block-list\"><li>die Verbesserung der Atmung und K\u00f6rperwahrnehmung,<\/li><\/ul><\/li><\/ul><ul class=\"wp-block-list\"><li style=\"list-style-type: none;\"><ul class=\"wp-block-list\"><li>die Muskelaktivierung der spezifischen Bauchmuskulatur,<\/li><\/ul><\/li><\/ul><ul class=\"wp-block-list\"><li style=\"list-style-type: none;\"><ul class=\"wp-block-list\"><li>die Verbesserung der k\u00f6rperlichen Flexibilit\u00e4t (Gelenksbeweglichkeit und Muskeldehnung) und des Gleichgewichtes,<\/li><\/ul><\/li><\/ul><ul class=\"wp-block-list\"><li style=\"list-style-type: none;\"><ul class=\"wp-block-list\"><li>aktive Stabilisation aller K\u00f6rperteile<\/li><\/ul><\/li><\/ul><p>Aber es ist auch der ma\u00dfgeschneiderte Kurs f\u00fcr alle, die sich von einer Verletzung erholen m\u00fcssen, den Gesundheitszustand des R\u00fcckens verbessern, f\u00fcr ihren Sport trainieren oder die Leistung optimieren m\u00f6chten.<\/p><p>Jeder Teilnehmer erh\u00e4lt seine individuelle Arbeit (der Kurs hat maximal 4 Teilnehmer) und f\u00fcr jeden Teilnehmer ist eine Bewertung erforderlich, um das Einstiegsniveau und das Arbeitsintensit\u00e4tsniveau zu bestimmen.<\/p><p>Kursleiter: Riccardo Ped\u00f2, Gianmarco Lazzarini, Manuel Gnicchi, Matteo Romio, Enerjeta Eshja, Martina Gianfaldoni, Matteo Cavagnolo, Virginia Amadori, Anna Bernardoni, Lorenzo Feltrin, Davide Gallesi.<\/p><div class=\"wp-block-file\"><a id=\"wp-block-file--media-afb945fa-f907-4636-ad90-1d6533afbede\" href=\"https:\/\/www.europacenter.it\/wp-content\/uploads\/2026\/03\/CALENDARIO-A4-FINO-30giu26.pdf\">KLICK HIER, UM DEN KURSKALENDER HERUNTERZULADEN <\/a><a class=\"wp-block-file__button wp-element-button\" href=\"https:\/\/www.europacenter.it\/wp-content\/uploads\/2026\/03\/CALENDARIO-A4-FINO-30giu26.pdf\" download=\"\" aria-describedby=\"wp-block-file--media-afb945fa-f907-4636-ad90-1d6533afbede\">Download<\/a><\/div>\t\t\t\t\t\t\t\t<\/div>\n\t\t\t\t<\/div>\n\t\t\t\t\t<\/div>\n\t\t<\/div>\n\t\t\t\t\t<\/div>\n\t\t<\/section>\n\t\t\t\t<\/div>\n\t\t","protected":false},"excerpt":{"rendered":"<p>Bei diesem Gymnastikkurs handelt es sich um die Fortsetzung des Rehabilitationsprogrammes in Folge von:\u200b\u200b Instabilit\u00e4t im Bereich der Lendenwirbels\u00e4ule, chronische Lumbalgie, Bandscheibenprotrusionen- und vorf\u00e4lle (Diskushernien) ohne neurologische Ausf\u00e4lle, Vertebralstenosen ohne&hellip;<\/p>\n","protected":false},"author":2,"featured_media":21960,"comment_status":"closed","ping_status":"closed","template":"","cpt_services_group":[205],"class_list":["post-19884","cpt_services","type-cpt_services","status-publish","has-post-thumbnail","hentry","cpt_services_group-reha-turnhalle"],"yoast_head":"<!-- This site is optimized with the Yoast SEO plugin v27.5 - https:\/\/yoast.com\/product\/yoast-seo-wordpress\/ -->\n<title>Functional Rehab - Europa Center<\/title>\n<meta name=\"robots\" content=\"index, follow, max-snippet:-1, max-image-preview:large, max-video-preview:-1\" \/>\n<link rel=\"canonical\" href=\"https:\/\/www.europacenter.it\/de\/s\/functional-rehab\/\" \/>\n<meta property=\"og:locale\" content=\"de_DE\" \/>\n<meta property=\"og:type\" content=\"article\" \/>\n<meta property=\"og:title\" content=\"Functional Rehab - Europa Center\" \/>\n<meta property=\"og:description\" content=\"Bei diesem Gymnastikkurs handelt es sich um die Fortsetzung des Rehabilitationsprogrammes in Folge von:\u200b\u200b Instabilit\u00e4t im Bereich der Lendenwirbels\u00e4ule, chronische Lumbalgie, Bandscheibenprotrusionen- und vorf\u00e4lle (Diskushernien) ohne neurologische Ausf\u00e4lle, Vertebralstenosen ohne&hellip;\" \/>\n<meta property=\"og:url\" content=\"https:\/\/www.europacenter.it\/de\/s\/functional-rehab\/\" \/>\n<meta property=\"og:site_name\" content=\"Europa Center\" \/>\n<meta property=\"article:modified_time\" content=\"2026-04-17T09:57:32+00:00\" \/>\n<meta property=\"og:image\" content=\"https:\/\/www.europacenter.it\/wp-content\/uploads\/2023\/05\/europacenter-functional.jpg\" \/>\n\t<meta property=\"og:image:width\" content=\"1486\" \/>\n\t<meta property=\"og:image:height\" content=\"1600\" \/>\n\t<meta property=\"og:image:type\" content=\"image\/jpeg\" \/>\n<meta name=\"twitter:card\" content=\"summary_large_image\" \/>\n<meta name=\"twitter:label1\" content=\"Gesch\u00e4tzte Lesezeit\" \/>\n\t<meta name=\"twitter:data1\" content=\"1\u00a0Minute\" \/>\n<script type=\"application\/ld+json\" class=\"yoast-schema-graph\">{\"@context\":\"https:\\\/\\\/schema.org\",\"@graph\":[{\"@type\":\"WebPage\",\"@id\":\"https:\\\/\\\/www.europacenter.it\\\/de\\\/s\\\/functional-rehab\\\/\",\"url\":\"https:\\\/\\\/www.europacenter.it\\\/de\\\/s\\\/functional-rehab\\\/\",\"name\":\"Functional Rehab - Europa Center\",\"isPartOf\":{\"@id\":\"https:\\\/\\\/www.europacenter.it\\\/#website\"},\"primaryImageOfPage\":{\"@id\":\"https:\\\/\\\/www.europacenter.it\\\/de\\\/s\\\/functional-rehab\\\/#primaryimage\"},\"image\":{\"@id\":\"https:\\\/\\\/www.europacenter.it\\\/de\\\/s\\\/functional-rehab\\\/#primaryimage\"},\"thumbnailUrl\":\"https:\\\/\\\/www.europacenter.it\\\/wp-content\\\/uploads\\\/2023\\\/05\\\/europacenter-functional.jpg\",\"datePublished\":\"2023-05-09T16:21:02+00:00\",\"dateModified\":\"2026-04-17T09:57:32+00:00\",\"breadcrumb\":{\"@id\":\"https:\\\/\\\/www.europacenter.it\\\/de\\\/s\\\/functional-rehab\\\/#breadcrumb\"},\"inLanguage\":\"de\",\"potentialAction\":[{\"@type\":\"ReadAction\",\"target\":[\"https:\\\/\\\/www.europacenter.it\\\/de\\\/s\\\/functional-rehab\\\/\"]}]},{\"@type\":\"ImageObject\",\"inLanguage\":\"de\",\"@id\":\"https:\\\/\\\/www.europacenter.it\\\/de\\\/s\\\/functional-rehab\\\/#primaryimage\",\"url\":\"https:\\\/\\\/www.europacenter.it\\\/wp-content\\\/uploads\\\/2023\\\/05\\\/europacenter-functional.jpg\",\"contentUrl\":\"https:\\\/\\\/www.europacenter.it\\\/wp-content\\\/uploads\\\/2023\\\/05\\\/europacenter-functional.jpg\",\"width\":1486,\"height\":1600,\"caption\":\"functional\"},{\"@type\":\"BreadcrumbList\",\"@id\":\"https:\\\/\\\/www.europacenter.it\\\/de\\\/s\\\/functional-rehab\\\/#breadcrumb\",\"itemListElement\":[{\"@type\":\"ListItem\",\"position\":1,\"name\":\"Home\",\"item\":\"https:\\\/\\\/www.europacenter.it\\\/\"},{\"@type\":\"ListItem\",\"position\":2,\"name\":\"Servizi\",\"item\":\"https:\\\/\\\/www.europacenter.it\\\/s\\\/\"},{\"@type\":\"ListItem\",\"position\":3,\"name\":\"Functional Rehab\"}]},{\"@type\":\"WebSite\",\"@id\":\"https:\\\/\\\/www.europacenter.it\\\/#website\",\"url\":\"https:\\\/\\\/www.europacenter.it\\\/\",\"name\":\"Europa Center\",\"description\":\"Centro di fisioterapia e riabilitazione sportiva\",\"publisher\":{\"@id\":\"https:\\\/\\\/www.europacenter.it\\\/#organization\"},\"potentialAction\":[{\"@type\":\"SearchAction\",\"target\":{\"@type\":\"EntryPoint\",\"urlTemplate\":\"https:\\\/\\\/www.europacenter.it\\\/?s={search_term_string}\"},\"query-input\":{\"@type\":\"PropertyValueSpecification\",\"valueRequired\":true,\"valueName\":\"search_term_string\"}}],\"inLanguage\":\"de\"},{\"@type\":\"Organization\",\"@id\":\"https:\\\/\\\/www.europacenter.it\\\/#organization\",\"name\":\"Europa Center\",\"url\":\"https:\\\/\\\/www.europacenter.it\\\/\",\"logo\":{\"@type\":\"ImageObject\",\"inLanguage\":\"de\",\"@id\":\"https:\\\/\\\/www.europacenter.it\\\/#\\\/schema\\\/logo\\\/image\\\/\",\"url\":\"https:\\\/\\\/www.europacenter.it\\\/wp-content\\\/uploads\\\/2023\\\/06\\\/EuropaCenter.png\",\"contentUrl\":\"https:\\\/\\\/www.europacenter.it\\\/wp-content\\\/uploads\\\/2023\\\/06\\\/EuropaCenter.png\",\"width\":1686,\"height\":888,\"caption\":\"Europa Center\"},\"image\":{\"@id\":\"https:\\\/\\\/www.europacenter.it\\\/#\\\/schema\\\/logo\\\/image\\\/\"},\"sameAs\":[\"https:\\\/\\\/www.instagram.com\\\/europacentersrl\\\/\"]}]}<\/script>\n<!-- \/ Yoast SEO plugin. -->","yoast_head_json":{"title":"Functional Rehab - Europa Center","robots":{"index":"index","follow":"follow","max-snippet":"max-snippet:-1","max-image-preview":"max-image-preview:large","max-video-preview":"max-video-preview:-1"},"canonical":"https:\/\/www.europacenter.it\/de\/s\/functional-rehab\/","og_locale":"de_DE","og_type":"article","og_title":"Functional Rehab - Europa Center","og_description":"Bei diesem Gymnastikkurs handelt es sich um die Fortsetzung des Rehabilitationsprogrammes in Folge von:\u200b\u200b Instabilit\u00e4t im Bereich der Lendenwirbels\u00e4ule, chronische Lumbalgie, Bandscheibenprotrusionen- und vorf\u00e4lle (Diskushernien) ohne neurologische Ausf\u00e4lle, Vertebralstenosen ohne&hellip;","og_url":"https:\/\/www.europacenter.it\/de\/s\/functional-rehab\/","og_site_name":"Europa Center","article_modified_time":"2026-04-17T09:57:32+00:00","og_image":[{"width":1486,"height":1600,"url":"https:\/\/www.europacenter.it\/wp-content\/uploads\/2023\/05\/europacenter-functional.jpg","type":"image\/jpeg"}],"twitter_card":"summary_large_image","twitter_misc":{"Gesch\u00e4tzte Lesezeit":"1\u00a0Minute"},"schema":{"@context":"https:\/\/schema.org","@graph":[{"@type":"WebPage","@id":"https:\/\/www.europacenter.it\/de\/s\/functional-rehab\/","url":"https:\/\/www.europacenter.it\/de\/s\/functional-rehab\/","name":"Functional Rehab - Europa Center","isPartOf":{"@id":"https:\/\/www.europacenter.it\/#website"},"primaryImageOfPage":{"@id":"https:\/\/www.europacenter.it\/de\/s\/functional-rehab\/#primaryimage"},"image":{"@id":"https:\/\/www.europacenter.it\/de\/s\/functional-rehab\/#primaryimage"},"thumbnailUrl":"https:\/\/www.europacenter.it\/wp-content\/uploads\/2023\/05\/europacenter-functional.jpg","datePublished":"2023-05-09T16:21:02+00:00","dateModified":"2026-04-17T09:57:32+00:00","breadcrumb":{"@id":"https:\/\/www.europacenter.it\/de\/s\/functional-rehab\/#breadcrumb"},"inLanguage":"de","potentialAction":[{"@type":"ReadAction","target":["https:\/\/www.europacenter.it\/de\/s\/functional-rehab\/"]}]},{"@type":"ImageObject","inLanguage":"de","@id":"https:\/\/www.europacenter.it\/de\/s\/functional-rehab\/#primaryimage","url":"https:\/\/www.europacenter.it\/wp-content\/uploads\/2023\/05\/europacenter-functional.jpg","contentUrl":"https:\/\/www.europacenter.it\/wp-content\/uploads\/2023\/05\/europacenter-functional.jpg","width":1486,"height":1600,"caption":"functional"},{"@type":"BreadcrumbList","@id":"https:\/\/www.europacenter.it\/de\/s\/functional-rehab\/#breadcrumb","itemListElement":[{"@type":"ListItem","position":1,"name":"Home","item":"https:\/\/www.europacenter.it\/"},{"@type":"ListItem","position":2,"name":"Servizi","item":"https:\/\/www.europacenter.it\/s\/"},{"@type":"ListItem","position":3,"name":"Functional Rehab"}]},{"@type":"WebSite","@id":"https:\/\/www.europacenter.it\/#website","url":"https:\/\/www.europacenter.it\/","name":"Europa Center","description":"Centro di fisioterapia e riabilitazione sportiva","publisher":{"@id":"https:\/\/www.europacenter.it\/#organization"},"potentialAction":[{"@type":"SearchAction","target":{"@type":"EntryPoint","urlTemplate":"https:\/\/www.europacenter.it\/?s={search_term_string}"},"query-input":{"@type":"PropertyValueSpecification","valueRequired":true,"valueName":"search_term_string"}}],"inLanguage":"de"},{"@type":"Organization","@id":"https:\/\/www.europacenter.it\/#organization","name":"Europa Center","url":"https:\/\/www.europacenter.it\/","logo":{"@type":"ImageObject","inLanguage":"de","@id":"https:\/\/www.europacenter.it\/#\/schema\/logo\/image\/","url":"https:\/\/www.europacenter.it\/wp-content\/uploads\/2023\/06\/EuropaCenter.png","contentUrl":"https:\/\/www.europacenter.it\/wp-content\/uploads\/2023\/06\/EuropaCenter.png","width":1686,"height":888,"caption":"Europa Center"},"image":{"@id":"https:\/\/www.europacenter.it\/#\/schema\/logo\/image\/"},"sameAs":["https:\/\/www.instagram.com\/europacentersrl\/"]}]}},"_links":{"self":[{"href":"https:\/\/www.europacenter.it\/de\/wp-json\/wp\/v2\/cpt_services\/19884","targetHints":{"allow":["GET"]}}],"collection":[{"href":"https:\/\/www.europacenter.it\/de\/wp-json\/wp\/v2\/cpt_services"}],"about":[{"href":"https:\/\/www.europacenter.it\/de\/wp-json\/wp\/v2\/types\/cpt_services"}],"author":[{"embeddable":true,"href":"https:\/\/www.europacenter.it\/de\/wp-json\/wp\/v2\/users\/2"}],"replies":[{"embeddable":true,"href":"https:\/\/www.europacenter.it\/de\/wp-json\/wp\/v2\/comments?post=19884"}],"version-history":[{"count":12,"href":"https:\/\/www.europacenter.it\/de\/wp-json\/wp\/v2\/cpt_services\/19884\/revisions"}],"predecessor-version":[{"id":21979,"href":"https:\/\/www.europacenter.it\/de\/wp-json\/wp\/v2\/cpt_services\/19884\/revisions\/21979"}],"wp:featuredmedia":[{"embeddable":true,"href":"https:\/\/www.europacenter.it\/de\/wp-json\/wp\/v2\/media\/21960"}],"wp:attachment":[{"href":"https:\/\/www.europacenter.it\/de\/wp-json\/wp\/v2\/media?parent=19884"}],"wp:term":[{"taxonomy":"cpt_services_group","embeddable":true,"href":"https:\/\/www.europacenter.it\/de\/wp-json\/wp\/v2\/cpt_services_group?post=19884"}],"curies":[{"name":"wp","href":"https:\/\/api.w.org\/{rel}","templated":true}]}}