{"id":19843,"date":"2023-02-28T10:17:44","date_gmt":"2023-02-28T09:17:44","guid":{"rendered":"https:\/\/europacenter.w3.totalcom.website\/service\/lasertherapie\/"},"modified":"2023-07-10T17:48:43","modified_gmt":"2023-07-10T15:48:43","slug":"lasertherapie","status":"publish","type":"cpt_services","link":"https:\/\/www.europacenter.it\/de\/s\/lasertherapie\/","title":{"rendered":"Lasertherapie"},"content":{"rendered":"\n<p>Dank der entsprechenden Spezialisierung von Dr. Endrizzi ist das Europa Center das erste <a href=\"http:\/\/www.asalaser.com\/it\/mappa_centri_specializzati?page=14\" target=\"_blank\" rel=\"noreferrer noopener\">Fachzentrum f\u00fcr Hilterapia<sup>\u00ae<\/sup><\/a> in S\u00fcdtirol. Hilterapia<sup>\u00ae<\/sup> ist eine Therapie, bei der mit einer absolut sicheren exklusiven Hochintensit\u00e4tslaserstrahlung (HILT<sup>\u00ae<\/sup> = High Intensity Laser Therapy) eine tiefenwirksame Heilung des Gewebes erreicht wird. Hilterapia<sup>\u00ae<\/sup> erreicht sehr hohe Spitzenleistungen (1-3 kW) mit einer gepulsten <strong>Nd:YAG-Laserquelle<\/strong> (1064nm). Durch die hohe Intensit\u00e4t (bis zu 15.000 W\/cm<sup>2<\/sup>), die von anderen derzeit verf\u00fcgbaren Lasertechnologien nicht erreicht wird, k\u00f6nnen auch tiefe chronische L\u00e4sionen effektiv behandelt werden.<br\/><\/p>\n\n<p><strong>Die Hilterapia<sup>\u00ae<\/sup><\/strong> ist eine Behandlung f\u00fcr Erkrankungen des St\u00fctz- und Bewegungsapparates, die sich in tieferen Ebenen befinden, besonders in den Gelenken. Sie ist daher bestens geeignet f\u00fcr die Behandlung von Arthrosen und allen Entz\u00fcndungen und Schmerzleiden von Knien, Schultern, H\u00fcfte, Fu\u00dfgelenken, Wirbels\u00e4ule, Ellenbogen und H\u00e4nden.<br\/>Sie wird bei der Rehabilitationstherapie nach Verstauchung, Sehnenverletzungen und -Entz\u00fcndungen, Bursitis und traumatischen Sch\u00e4digungen angewandt.<\/p>\n\n<figure class=\"wp-block-gallery has-nested-images columns-default is-cropped wp-block-gallery-1 is-layout-flex wp-block-gallery-is-layout-flex\">\n<figure class=\"wp-block-image size-large\"><picture><source srcset=\"https:\/\/www.europacenter.it\/wp-content\/webp-express\/webp-images\/doc-root\/wp-content\/uploads\/2023\/02\/hilterapia-5.jpg.webp 850w, https:\/\/www.europacenter.it\/wp-content\/webp-express\/webp-images\/doc-root\/wp-content\/uploads\/2023\/02\/hilterapia-5-300x200.jpg.webp 300w, https:\/\/www.europacenter.it\/wp-content\/webp-express\/webp-images\/doc-root\/wp-content\/uploads\/2023\/02\/hilterapia-5-768x512.jpg.webp 768w, https:\/\/www.europacenter.it\/wp-content\/webp-express\/webp-images\/doc-root\/wp-content\/uploads\/2023\/02\/hilterapia-5-370x247.jpg.webp 370w, https:\/\/www.europacenter.it\/wp-content\/webp-express\/webp-images\/doc-root\/wp-content\/uploads\/2023\/02\/hilterapia-5-840x560.jpg.webp 840w, https:\/\/www.europacenter.it\/wp-content\/webp-express\/webp-images\/doc-root\/wp-content\/uploads\/2023\/02\/hilterapia-5-410x273.jpg.webp 410w\" sizes=\"(max-width: 850px) 100vw, 850px\" type=\"image\/webp\"><img fetchpriority=\"high\" decoding=\"async\" width=\"850\" height=\"567\" data-id=\"18873\" src=\"https:\/\/www.europacenter.it\/wp-content\/uploads\/2023\/02\/hilterapia-5.jpg\" alt=\"\" class=\"wp-image-18873 webpexpress-processed\" srcset=\"https:\/\/www.europacenter.it\/wp-content\/uploads\/2023\/02\/hilterapia-5.jpg 850w, https:\/\/www.europacenter.it\/wp-content\/uploads\/2023\/02\/hilterapia-5-300x200.jpg 300w, https:\/\/www.europacenter.it\/wp-content\/uploads\/2023\/02\/hilterapia-5-768x512.jpg 768w, https:\/\/www.europacenter.it\/wp-content\/uploads\/2023\/02\/hilterapia-5-370x247.jpg 370w, https:\/\/www.europacenter.it\/wp-content\/uploads\/2023\/02\/hilterapia-5-840x560.jpg 840w, https:\/\/www.europacenter.it\/wp-content\/uploads\/2023\/02\/hilterapia-5-410x273.jpg 410w\" sizes=\"(max-width: 850px) 100vw, 850px\"><\/picture><\/figure>\n\n\n\n<figure class=\"wp-block-image size-large\"><picture><source srcset=\"https:\/\/www.europacenter.it\/wp-content\/webp-express\/webp-images\/doc-root\/wp-content\/uploads\/2023\/02\/hilterapia.jpg.webp 850w, https:\/\/www.europacenter.it\/wp-content\/webp-express\/webp-images\/doc-root\/wp-content\/uploads\/2023\/02\/hilterapia-300x200.jpg.webp 300w, https:\/\/www.europacenter.it\/wp-content\/webp-express\/webp-images\/doc-root\/wp-content\/uploads\/2023\/02\/hilterapia-768x512.jpg.webp 768w, https:\/\/www.europacenter.it\/wp-content\/webp-express\/webp-images\/doc-root\/wp-content\/uploads\/2023\/02\/hilterapia-370x247.jpg.webp 370w, https:\/\/www.europacenter.it\/wp-content\/webp-express\/webp-images\/doc-root\/wp-content\/uploads\/2023\/02\/hilterapia-840x560.jpg.webp 840w, https:\/\/www.europacenter.it\/wp-content\/webp-express\/webp-images\/doc-root\/wp-content\/uploads\/2023\/02\/hilterapia-410x273.jpg.webp 410w\" sizes=\"(max-width: 850px) 100vw, 850px\" type=\"image\/webp\"><img decoding=\"async\" width=\"850\" height=\"567\" data-id=\"18861\" src=\"https:\/\/www.europacenter.it\/wp-content\/uploads\/2023\/02\/hilterapia.jpg\" alt=\"\" class=\"wp-image-18861 webpexpress-processed\" srcset=\"https:\/\/www.europacenter.it\/wp-content\/uploads\/2023\/02\/hilterapia.jpg 850w, https:\/\/www.europacenter.it\/wp-content\/uploads\/2023\/02\/hilterapia-300x200.jpg 300w, https:\/\/www.europacenter.it\/wp-content\/uploads\/2023\/02\/hilterapia-768x512.jpg 768w, https:\/\/www.europacenter.it\/wp-content\/uploads\/2023\/02\/hilterapia-370x247.jpg 370w, https:\/\/www.europacenter.it\/wp-content\/uploads\/2023\/02\/hilterapia-840x560.jpg 840w, https:\/\/www.europacenter.it\/wp-content\/uploads\/2023\/02\/hilterapia-410x273.jpg 410w\" sizes=\"(max-width: 850px) 100vw, 850px\"><\/picture><\/figure>\n<\/figure>\n\n<div style=\"height:30px\" aria-hidden=\"true\" class=\"wp-block-spacer\"><\/div>\n\n<p>Dr. Endrizzi verwendet <strong>HIRO TT,<\/strong> die Grenze in der Anwendung der Hilterapia<sup>\u00ae<\/sup>: Ein neuer therapeutischer Ansatz zur Behandlung von schmerzhaften Erkrankungen des Skelett-Muskel-Apparates, dessen Grundlagen auf dem Prinzip des W\u00e4rmeaustausches beruhen. HIRO TT vereint die gepulste Laserquelle Nd:YAG mit einem K\u00fchlsystem (SmartCooler), das die Temperatur der Haut und der darunterliegenden Gewebeschichten verringert (<strong>Kryotherapie<\/strong>).<\/p>\n\n<p>Die Hilterapia\u00ae erm\u00f6glicht, die nach einem chirurgischen Eingriff, einem Trauma oder einer Fraktur beeintr\u00e4chtigte Funktionalit\u00e4t rasch und wirksam wiederherzustellen und eine gute Lebensqualit\u00e4t zur\u00fcckzugewinnen. Die Ergebnisse stellen sich schnell und bemerkbar ein, schon nach der ersten Behandlung ist eine schmerzlindernde, Verspannungen l\u00f6sende, entz\u00fcndungshemmende und drainierende Wirkung feststellbar. Die Ergebnisse sind durch zahlreiche klinische Studien best\u00e4tigt.<\/p>\n","protected":false},"excerpt":{"rendered":"<p>Dank der entsprechenden Spezialisierung von Dr. Endrizzi ist das Europa Center das erste Fachzentrum f\u00fcr Hilterapia\u00ae in S\u00fcdtirol. Hilterapia\u00ae ist eine Therapie, bei der mit einer absolut sicheren exklusiven Hochintensit\u00e4tslaserstrahlung&hellip;<\/p>\n","protected":false},"author":2,"featured_media":19048,"comment_status":"closed","ping_status":"closed","template":"","cpt_services_group":[198,227],"class_list":["post-19843","cpt_services","type-cpt_services","status-publish","has-post-thumbnail","hentry","cpt_services_group-facharztbesuche","cpt_services_group-physiotherapie-behandlungen"],"yoast_head":"<!-- This site is optimized with the Yoast SEO plugin v27.5 - https:\/\/yoast.com\/product\/yoast-seo-wordpress\/ -->\n<title>Lasertherapie - Europa Center<\/title>\n<meta name=\"robots\" content=\"index, follow, max-snippet:-1, max-image-preview:large, max-video-preview:-1\" \/>\n<link rel=\"canonical\" href=\"https:\/\/www.europacenter.it\/de\/s\/lasertherapie\/\" \/>\n<meta property=\"og:locale\" content=\"de_DE\" \/>\n<meta property=\"og:type\" content=\"article\" \/>\n<meta property=\"og:title\" content=\"Lasertherapie - Europa Center\" \/>\n<meta property=\"og:description\" content=\"Dank der entsprechenden Spezialisierung von Dr. Endrizzi ist das Europa Center das erste Fachzentrum f\u00fcr Hilterapia\u00ae in S\u00fcdtirol. Hilterapia\u00ae ist eine Therapie, bei der mit einer absolut sicheren exklusiven Hochintensit\u00e4tslaserstrahlung&hellip;\" \/>\n<meta property=\"og:url\" content=\"https:\/\/www.europacenter.it\/de\/s\/lasertherapie\/\" \/>\n<meta property=\"og:site_name\" content=\"Europa Center\" \/>\n<meta property=\"article:modified_time\" content=\"2023-07-10T15:48:43+00:00\" \/>\n<meta property=\"og:image\" content=\"https:\/\/www.europacenter.it\/wp-content\/uploads\/2023\/02\/Yag.jpg\" \/>\n\t<meta property=\"og:image:width\" content=\"1024\" \/>\n\t<meta property=\"og:image:height\" content=\"682\" \/>\n\t<meta property=\"og:image:type\" content=\"image\/jpeg\" \/>\n<meta name=\"twitter:card\" content=\"summary_large_image\" \/>\n<meta name=\"twitter:label1\" content=\"Gesch\u00e4tzte Lesezeit\" \/>\n\t<meta name=\"twitter:data1\" content=\"1\u00a0Minute\" \/>\n<script type=\"application\/ld+json\" class=\"yoast-schema-graph\">{\"@context\":\"https:\\\/\\\/schema.org\",\"@graph\":[{\"@type\":\"WebPage\",\"@id\":\"https:\\\/\\\/www.europacenter.it\\\/de\\\/s\\\/lasertherapie\\\/\",\"url\":\"https:\\\/\\\/www.europacenter.it\\\/de\\\/s\\\/lasertherapie\\\/\",\"name\":\"Lasertherapie - Europa Center\",\"isPartOf\":{\"@id\":\"https:\\\/\\\/www.europacenter.it\\\/#website\"},\"primaryImageOfPage\":{\"@id\":\"https:\\\/\\\/www.europacenter.it\\\/de\\\/s\\\/lasertherapie\\\/#primaryimage\"},\"image\":{\"@id\":\"https:\\\/\\\/www.europacenter.it\\\/de\\\/s\\\/lasertherapie\\\/#primaryimage\"},\"thumbnailUrl\":\"https:\\\/\\\/www.europacenter.it\\\/wp-content\\\/uploads\\\/2023\\\/02\\\/Yag.jpg\",\"datePublished\":\"2023-02-28T09:17:44+00:00\",\"dateModified\":\"2023-07-10T15:48:43+00:00\",\"breadcrumb\":{\"@id\":\"https:\\\/\\\/www.europacenter.it\\\/de\\\/s\\\/lasertherapie\\\/#breadcrumb\"},\"inLanguage\":\"de\",\"potentialAction\":[{\"@type\":\"ReadAction\",\"target\":[\"https:\\\/\\\/www.europacenter.it\\\/de\\\/s\\\/lasertherapie\\\/\"]}]},{\"@type\":\"ImageObject\",\"inLanguage\":\"de\",\"@id\":\"https:\\\/\\\/www.europacenter.it\\\/de\\\/s\\\/lasertherapie\\\/#primaryimage\",\"url\":\"https:\\\/\\\/www.europacenter.it\\\/wp-content\\\/uploads\\\/2023\\\/02\\\/Yag.jpg\",\"contentUrl\":\"https:\\\/\\\/www.europacenter.it\\\/wp-content\\\/uploads\\\/2023\\\/02\\\/Yag.jpg\",\"width\":1024,\"height\":682},{\"@type\":\"BreadcrumbList\",\"@id\":\"https:\\\/\\\/www.europacenter.it\\\/de\\\/s\\\/lasertherapie\\\/#breadcrumb\",\"itemListElement\":[{\"@type\":\"ListItem\",\"position\":1,\"name\":\"Home\",\"item\":\"https:\\\/\\\/www.europacenter.it\\\/\"},{\"@type\":\"ListItem\",\"position\":2,\"name\":\"Servizi\",\"item\":\"https:\\\/\\\/www.europacenter.it\\\/s\\\/\"},{\"@type\":\"ListItem\",\"position\":3,\"name\":\"Lasertherapie\"}]},{\"@type\":\"WebSite\",\"@id\":\"https:\\\/\\\/www.europacenter.it\\\/#website\",\"url\":\"https:\\\/\\\/www.europacenter.it\\\/\",\"name\":\"Europa Center\",\"description\":\"Centro di fisioterapia e riabilitazione sportiva\",\"publisher\":{\"@id\":\"https:\\\/\\\/www.europacenter.it\\\/#organization\"},\"potentialAction\":[{\"@type\":\"SearchAction\",\"target\":{\"@type\":\"EntryPoint\",\"urlTemplate\":\"https:\\\/\\\/www.europacenter.it\\\/?s={search_term_string}\"},\"query-input\":{\"@type\":\"PropertyValueSpecification\",\"valueRequired\":true,\"valueName\":\"search_term_string\"}}],\"inLanguage\":\"de\"},{\"@type\":\"Organization\",\"@id\":\"https:\\\/\\\/www.europacenter.it\\\/#organization\",\"name\":\"Europa Center\",\"url\":\"https:\\\/\\\/www.europacenter.it\\\/\",\"logo\":{\"@type\":\"ImageObject\",\"inLanguage\":\"de\",\"@id\":\"https:\\\/\\\/www.europacenter.it\\\/#\\\/schema\\\/logo\\\/image\\\/\",\"url\":\"https:\\\/\\\/www.europacenter.it\\\/wp-content\\\/uploads\\\/2023\\\/06\\\/EuropaCenter.png\",\"contentUrl\":\"https:\\\/\\\/www.europacenter.it\\\/wp-content\\\/uploads\\\/2023\\\/06\\\/EuropaCenter.png\",\"width\":1686,\"height\":888,\"caption\":\"Europa Center\"},\"image\":{\"@id\":\"https:\\\/\\\/www.europacenter.it\\\/#\\\/schema\\\/logo\\\/image\\\/\"},\"sameAs\":[\"https:\\\/\\\/www.instagram.com\\\/europacentersrl\\\/\"]}]}<\/script>\n<!-- \/ Yoast SEO plugin. -->","yoast_head_json":{"title":"Lasertherapie - Europa Center","robots":{"index":"index","follow":"follow","max-snippet":"max-snippet:-1","max-image-preview":"max-image-preview:large","max-video-preview":"max-video-preview:-1"},"canonical":"https:\/\/www.europacenter.it\/de\/s\/lasertherapie\/","og_locale":"de_DE","og_type":"article","og_title":"Lasertherapie - Europa Center","og_description":"Dank der entsprechenden Spezialisierung von Dr. Endrizzi ist das Europa Center das erste Fachzentrum f\u00fcr Hilterapia\u00ae in S\u00fcdtirol. Hilterapia\u00ae ist eine Therapie, bei der mit einer absolut sicheren exklusiven Hochintensit\u00e4tslaserstrahlung&hellip;","og_url":"https:\/\/www.europacenter.it\/de\/s\/lasertherapie\/","og_site_name":"Europa Center","article_modified_time":"2023-07-10T15:48:43+00:00","og_image":[{"width":1024,"height":682,"url":"https:\/\/www.europacenter.it\/wp-content\/uploads\/2023\/02\/Yag.jpg","type":"image\/jpeg"}],"twitter_card":"summary_large_image","twitter_misc":{"Gesch\u00e4tzte Lesezeit":"1\u00a0Minute"},"schema":{"@context":"https:\/\/schema.org","@graph":[{"@type":"WebPage","@id":"https:\/\/www.europacenter.it\/de\/s\/lasertherapie\/","url":"https:\/\/www.europacenter.it\/de\/s\/lasertherapie\/","name":"Lasertherapie - Europa Center","isPartOf":{"@id":"https:\/\/www.europacenter.it\/#website"},"primaryImageOfPage":{"@id":"https:\/\/www.europacenter.it\/de\/s\/lasertherapie\/#primaryimage"},"image":{"@id":"https:\/\/www.europacenter.it\/de\/s\/lasertherapie\/#primaryimage"},"thumbnailUrl":"https:\/\/www.europacenter.it\/wp-content\/uploads\/2023\/02\/Yag.jpg","datePublished":"2023-02-28T09:17:44+00:00","dateModified":"2023-07-10T15:48:43+00:00","breadcrumb":{"@id":"https:\/\/www.europacenter.it\/de\/s\/lasertherapie\/#breadcrumb"},"inLanguage":"de","potentialAction":[{"@type":"ReadAction","target":["https:\/\/www.europacenter.it\/de\/s\/lasertherapie\/"]}]},{"@type":"ImageObject","inLanguage":"de","@id":"https:\/\/www.europacenter.it\/de\/s\/lasertherapie\/#primaryimage","url":"https:\/\/www.europacenter.it\/wp-content\/uploads\/2023\/02\/Yag.jpg","contentUrl":"https:\/\/www.europacenter.it\/wp-content\/uploads\/2023\/02\/Yag.jpg","width":1024,"height":682},{"@type":"BreadcrumbList","@id":"https:\/\/www.europacenter.it\/de\/s\/lasertherapie\/#breadcrumb","itemListElement":[{"@type":"ListItem","position":1,"name":"Home","item":"https:\/\/www.europacenter.it\/"},{"@type":"ListItem","position":2,"name":"Servizi","item":"https:\/\/www.europacenter.it\/s\/"},{"@type":"ListItem","position":3,"name":"Lasertherapie"}]},{"@type":"WebSite","@id":"https:\/\/www.europacenter.it\/#website","url":"https:\/\/www.europacenter.it\/","name":"Europa Center","description":"Centro di fisioterapia e riabilitazione sportiva","publisher":{"@id":"https:\/\/www.europacenter.it\/#organization"},"potentialAction":[{"@type":"SearchAction","target":{"@type":"EntryPoint","urlTemplate":"https:\/\/www.europacenter.it\/?s={search_term_string}"},"query-input":{"@type":"PropertyValueSpecification","valueRequired":true,"valueName":"search_term_string"}}],"inLanguage":"de"},{"@type":"Organization","@id":"https:\/\/www.europacenter.it\/#organization","name":"Europa Center","url":"https:\/\/www.europacenter.it\/","logo":{"@type":"ImageObject","inLanguage":"de","@id":"https:\/\/www.europacenter.it\/#\/schema\/logo\/image\/","url":"https:\/\/www.europacenter.it\/wp-content\/uploads\/2023\/06\/EuropaCenter.png","contentUrl":"https:\/\/www.europacenter.it\/wp-content\/uploads\/2023\/06\/EuropaCenter.png","width":1686,"height":888,"caption":"Europa Center"},"image":{"@id":"https:\/\/www.europacenter.it\/#\/schema\/logo\/image\/"},"sameAs":["https:\/\/www.instagram.com\/europacentersrl\/"]}]}},"_links":{"self":[{"href":"https:\/\/www.europacenter.it\/de\/wp-json\/wp\/v2\/cpt_services\/19843","targetHints":{"allow":["GET"]}}],"collection":[{"href":"https:\/\/www.europacenter.it\/de\/wp-json\/wp\/v2\/cpt_services"}],"about":[{"href":"https:\/\/www.europacenter.it\/de\/wp-json\/wp\/v2\/types\/cpt_services"}],"author":[{"embeddable":true,"href":"https:\/\/www.europacenter.it\/de\/wp-json\/wp\/v2\/users\/2"}],"replies":[{"embeddable":true,"href":"https:\/\/www.europacenter.it\/de\/wp-json\/wp\/v2\/comments?post=19843"}],"version-history":[{"count":5,"href":"https:\/\/www.europacenter.it\/de\/wp-json\/wp\/v2\/cpt_services\/19843\/revisions"}],"predecessor-version":[{"id":20727,"href":"https:\/\/www.europacenter.it\/de\/wp-json\/wp\/v2\/cpt_services\/19843\/revisions\/20727"}],"wp:featuredmedia":[{"embeddable":true,"href":"https:\/\/www.europacenter.it\/de\/wp-json\/wp\/v2\/media\/19048"}],"wp:attachment":[{"href":"https:\/\/www.europacenter.it\/de\/wp-json\/wp\/v2\/media?parent=19843"}],"wp:term":[{"taxonomy":"cpt_services_group","embeddable":true,"href":"https:\/\/www.europacenter.it\/de\/wp-json\/wp\/v2\/cpt_services_group?post=19843"}],"curies":[{"name":"wp","href":"https:\/\/api.w.org\/{rel}","templated":true}]}}